{"id":508,"date":"2019-03-19T07:15:50","date_gmt":"2019-03-19T07:15:50","guid":{"rendered":"https:\/\/designingmedia.com\/wordpress\/hostiko\/layout28\/?page_id=508"},"modified":"2025-07-24T14:32:02","modified_gmt":"2025-07-24T12:32:02","slug":"acceptable-use-policy","status":"publish","type":"page","link":"https:\/\/bubo-cybersec.com\/en\/acceptable-use-policy\/","title":{"rendered":"Legal Notice"},"content":{"rendered":"<div id=\"sub_banner\" data-vc-full-width=\"true\" data-vc-full-width-init=\"false\" class=\"vc_row wpb_row vc_row-fluid padding_top50 about_banner\"><div class=\"wpb_column vc_column_container vc_col-sm-12\"><div class=\"vc_column-inner vc_custom_1552301274347\"><div class=\"wpb_wrapper\"><\/div><\/div><\/div><\/div><div class=\"vc_row-full-width vc_clearfix\"><\/div><div id=\"privacy_policyouter\" data-vc-full-width=\"true\" data-vc-full-width-init=\"false\" class=\"vc_row wpb_row vc_row-fluid padding_top100 padding_bottom100 background_fff\"><div class=\"wpb_column vc_column_container vc_col-sm-12\"><div class=\"vc_column-inner vc_custom_1548659246420\"><div class=\"wpb_wrapper\"><h3 style=\"text-align: left\" class=\"vc_custom_heading font_size24 line_height24 margin_bottom35 color_222 roboto_font font_weight500 vc_custom_1602593450562\" >Mentions l\u00e9gales du site bubo-cybersec.com<\/h3>\n\t<div class=\"wpb_text_column wpb_content_element  font_size16 line_height24 margin_bottom25 font_weight400\" >\n\t\t<div class=\"wpb_wrapper\">\n\t\t\t<p><strong><u>Editeur\u00a0:<\/u><\/strong><\/p>\n<p>BUBO Initiative est une SAS immatriculation sous le num\u00e9ro de SIRET 902 132 679 00017 dont le si\u00e8ge social est situ\u00e9 au 9 Rue Reynaud, 13120 Gardanne, France.<\/p>\n<p>Adresse mail\u00a0: contact[at]bubo-cybersec.com<\/p>\n\n\t\t<\/div>\n\t<\/div>\n\n\t<div class=\"wpb_text_column wpb_content_element  font_size16 line_height24 margin_bottom25 font_weight400\" >\n\t\t<div class=\"wpb_wrapper\">\n\t\t\t<p><strong><u>H\u00e9bergeur\u00a0:<\/u><\/strong><\/p>\n<p>Nom\u00a0: OVH<\/p>\n<p>Si\u00e8ge social : 2 rue Kellermann \u2013 59100 Roubaix \u2013 France<\/p>\n<p>Num\u00e9ro de t\u00e9l\u00e9phone\u00a0: +33 9 72 10 10 07<\/p>\n\n\t\t<\/div>\n\t<\/div>\n\n\t<div class=\"wpb_text_column wpb_content_element  font_size16 line_height24 margin_bottom40 font_weight400\" >\n\t\t<div class=\"wpb_wrapper\">\n\t\t\t<p><strong><u>Propri\u00e9t\u00e9 intellectuelle\u00a0:<\/u><\/strong><\/p>\n<p>BUBO Initiative est propri\u00e9taire des droits de propri\u00e9t\u00e9 intellectuelle et\/ou d\u00e9tient les droits sur l\u2019ensemble des \u00e9l\u00e9ments du site www.bubo-cybersec.com, notamment sur les textes, graphismes, logo, ic\u00f4nes, logiciels.<\/p>\n<p>Toute reproduction, repr\u00e9sentation, modification, publication ou adaptation de tout ou partie de ces \u00e9l\u00e9ments, quel que soit le moyen ou le proc\u00e9d\u00e9 utilis\u00e9, est interdite, sauf autorisation \u00e9crite pr\u00e9alable de BUBO Initiative.<\/p>\n\n\t\t<\/div>\n\t<\/div>\n<h3 style=\"text-align: left\" class=\"vc_custom_heading font_size24 line_height24 margin_bottom35 color_222 roboto_font font_weight500 vc_custom_1602593507832\" >Politique de confidentialit\u00e9<\/h3>\n\t<div class=\"wpb_text_column wpb_content_element  font_size16 line_height24 margin_bottom25 font_weight400\" >\n\t\t<div class=\"wpb_wrapper\">\n\t\t\t<p><strong><u>Politique de confidentialit\u00e9 et de protection des Donn\u00e9es \u00e0 Caract\u00e8re Personnel <\/u><\/strong><\/p>\n<p>Ce document vous explique les principes et nos engagements pour la protection de vos Donn\u00e9es \u00e0 Caract\u00e8re Personnel et a pour objectif de vous informer sur :<\/p>\n<ul>\n<li>Les Donn\u00e9es \u00e0 Caract\u00e8re Personnel que le groupe BUBO Initiative collectent et les raisons de cette collecte,<\/li>\n<li>La fa\u00e7on dont seront utilis\u00e9es ces Donn\u00e9es \u00e0 Caract\u00e8re Personnel,<\/li>\n<li>Vos droits en qualit\u00e9 de personne concern\u00e9e par nos traitements de donn\u00e9es.<\/li>\n<\/ul>\n<p>Cette Politique s\u2019applique aux diff\u00e9rents services quel que soient leur nature (site, applications, prestations \u2026).<\/p>\n<p>Cette Politique s\u2019applique aussi aux diff\u00e9rentes activit\u00e9 professionnelles, commerciales et de communication de BUBO Initiative.<\/p>\n\n\t\t<\/div>\n\t<\/div>\n\n\t<div class=\"wpb_text_column wpb_content_element  font_size16 line_height24 margin_bottom25 font_weight400\" >\n\t\t<div class=\"wpb_wrapper\">\n\t\t\t<p><strong><u>Le Responsable du Traitement de vos donn\u00e9es<\/u><\/strong><\/p>\n<p>Le responsable du traitement des donn\u00e9es est la soci\u00e9t\u00e9 BUBO Initiative.<\/p>\n<p>Les coordonn\u00e9es de contact sont les suivantes :<\/p>\n<ul>\n<li>Adresse postale : 9 Rue Reynaud, 13120 Gardanne<\/li>\n<li>T\u00e9l\u00e9phone : 06.47.87.64.33<\/li>\n<li>Courrier \u00e9lectronique : contact[at]bubo-cybersec.com<\/li>\n<\/ul>\n\n\t\t<\/div>\n\t<\/div>\n\n\t<div class=\"wpb_text_column wpb_content_element  font_size16 line_height24 margin_bottom25 font_weight400\" >\n\t\t<div class=\"wpb_wrapper\">\n\t\t\t<p><strong><u>Comment la protection des Donn\u00e9es \u00e0 Caract\u00e8re Personnel est mise en \u0153uvre\u00a0?<\/u><\/strong><\/p>\n<p>BUBO Initiative s\u2019engage \u00e0 prendre en compte la protection de vos Donn\u00e9es \u00e0 Caract\u00e8re Personnel et de votre vie priv\u00e9e d\u00e8s la conception des services qui vous sont propos\u00e9s (Privacy by desing). Pour assurer la s\u00e9curit\u00e9 et garantir le respect et le bon exercice de vos droits, les mesures permettant d\u2019assurer la protection de vos Donn\u00e9es \u00e0 Caract\u00e8re Personnel sont mises en \u0153uvre (Privacy by default).<\/p>\n\n\t\t<\/div>\n\t<\/div>\n\n\t<div class=\"wpb_text_column wpb_content_element  font_size16 line_height24 margin_bottom40 font_weight400\" >\n\t\t<div class=\"wpb_wrapper\">\n\t\t\t<p><strong><u>Quelles Donn\u00e9es \u00e0 Caract\u00e8re Personnel sont utilis\u00e9es ?<\/u><\/strong><\/p>\n<p>BUBO Initiative s\u2019engage \u00e0 ne collecter que des donn\u00e9es strictement n\u00e9cessaires \u00e0 la r\u00e9alisation des services propos\u00e9.<\/p>\n<p>Les donn\u00e9es collect\u00e9es sur les sites internet du groupe le sont \u00e0 partir des formulaires de \u00ab\u00a0Contact\u00a0\u00bb et de l\u2019adresse e-mail de contact. Ces donn\u00e9es sont votre nom, votre e-mail ainsi que le type et le d\u00e9tail de votre demande.<\/p>\n<p>Dans le cas o\u00f9 des donn\u00e9es facultatives vous seraient demand\u00e9es, BUBO Initiative vous informera clairement sur les Donn\u00e9es \u00e0 Caract\u00e8re Personnel n\u00e9cessaires \u00e0 la r\u00e9alisation du traitement.<\/p>\n<p>Les Donn\u00e9es \u00e0 Caract\u00e8re Personnel ne sont utilis\u00e9es que pour les usages qui ont \u00e9t\u00e9 port\u00e9s \u00e0 votre connaissance.<\/p>\n<p>Les Donn\u00e9es \u00e0 Caract\u00e8re Personnel sont utilis\u00e9es pour vous informer sur les activit\u00e9s et les offres de BUBO Initiative lors de campagne fond\u00e9e sur un int\u00e9r\u00eat l\u00e9gitime de BUBO Initiative pour un traitement qui sera alors ponctuel.<\/p>\n\n\t\t<\/div>\n\t<\/div>\n\n\t<div class=\"wpb_text_column wpb_content_element \" >\n\t\t<div class=\"wpb_wrapper\">\n\t\t\t<p><strong><u>Quel est le fondement de nos traitements\u00a0?<\/u><\/strong><\/p>\n<p>BUBO Initiative s\u2019appuie sur les bases suivantes afin de pouvoir traiter les Donn\u00e9es \u00e0 Caract\u00e8re Personnel :<\/p>\n<p><strong>Ex\u00e9cution du contrat<\/strong><\/p>\n<p>La base l\u00e9gale du traitement des Donn\u00e9es \u00e0 Caract\u00e8re Personnel de l\u2019utilisateur qui sont collect\u00e9es est l\u2019ex\u00e9cution du contrat de vente. \u00c0 cet \u00e9gard, l\u2019utilisateur est oblig\u00e9 de fournir les donn\u00e9es n\u00e9cessaires \u00e0 son ex\u00e9cution. S\u2019il ne fournit pas ces donn\u00e9es, \u00e9ventuellement au prestataire de paiement en ligne il ne sera pas possible de r\u00e9aliser la vente.<\/p>\n<p><strong>Obligations l\u00e9gales<\/strong><\/p>\n<p>La gestion et l\u2019\u00e9mission de la facture se base sur l\u2019obligation l\u00e9gale de BUBO Initiative dans le cadre de sa relation avec les clients.<\/p>\n<p><strong>Consentement<\/strong><\/p>\n<p>Pour ce qui est des fins suivantes, la base l\u00e9gale du traitement des Donn\u00e9es \u00e0 Caract\u00e8re Personnel de l\u2019utilisateur sera le consentement de ce dernier, dans le cas o\u00f9 il l\u2019aurait donn\u00e9 :<\/p>\n<ul>\n<li>Gestion du formulaire de contact et des contact par email<\/li>\n<li>Prise de contact dans le cadre de d\u00e9marche commerciales<\/li>\n<li>Gestion de l\u2019envoi d\u2019informations et des informations personnalis\u00e9es adapt\u00e9es au profil de l\u2019utilisateur.<\/li>\n<li>R\u00e9ponse \u00e0 l\u2019exercice des droits d\u2019acc\u00e8s, de modification, d\u2019annulation et d\u2019opposition, ainsi qu\u2019aux questions et r\u00e9clamations de l\u2019utilisateur.<\/li>\n<\/ul>\n<p>M\u00eame lorsqu\u2019il est le fondement d\u2019un traitement, le retrait du consentement de la part de l\u2019utilisateur ne conditionnera pas l\u2019ex\u00e9cution du contrat conclu par la personne concern\u00e9e avec BUBO Initiative et la conservation l\u00e9gitime de ces donn\u00e9es \u00e0 caract\u00e8re personnel sur la base d\u2019autres fondements.<\/p>\n<p><strong>Int\u00e9r\u00eat l\u00e9gitime<\/strong><\/p>\n<p>Pour ce qui est des fins suivantes, si elles sont mises en \u0153uvre, la base l\u00e9gale du traitement des Donn\u00e9es \u00e0 Caract\u00e8re Personnel de l\u2019utilisateur sera l\u2019int\u00e9r\u00eat l\u00e9gitime de BUBO Initiative :<\/p>\n<ul>\n<li>L\u2019\u00e9laboration de profils pour l\u2019envoi d\u2019information sur les promotions exclusives, les derni\u00e8res nouveaut\u00e9s et des informations personnalis\u00e9es adapt\u00e9es au profil de l\u2019utilisateur.<\/li>\n<li>L\u2019envoi d\u2019enqu\u00eates de satisfaction sur les produits achet\u00e9s ou les services utilis\u00e9s par les clients de BUBO Initiative afin de leur demander leur avis et de les am\u00e9liorer.<\/li>\n<\/ul>\n<p>Notre int\u00e9r\u00eat l\u00e9gitime consiste \u00e0 pouvoir aider BUBO Initiative \u00e0 comprendre les besoins, les attentes et le niveau de satisfaction des utilisateurs, pour am\u00e9liorer ainsi les services et les produits.<\/p>\n\n\t\t<\/div>\n\t<\/div>\n\n\t<div class=\"wpb_text_column wpb_content_element \" >\n\t\t<div class=\"wpb_wrapper\">\n\t\t\t<p><strong><u>A qui peuvent \u00eatre communiqu\u00e9es vos Donn\u00e9es \u00e0 Caract\u00e8re Personnel ?<\/u><\/strong><\/p>\n<p>Vos donn\u00e9es sont susceptibles d\u2019\u00eatre transmises \u00e0 des services internes de BUBO Initiative : les directions qui ont la charge de l\u2019ex\u00e9cution des services souscrits, notamment Service Clients, Administration des Ventes, etc.<\/p>\n\n\t\t<\/div>\n\t<\/div>\n\n\t<div class=\"wpb_text_column wpb_content_element \" >\n\t\t<div class=\"wpb_wrapper\">\n\t\t\t<p><strong><u>Vos Donn\u00e9es \u00e0 Caract\u00e8re Personnel peuvent-elles \u00eatre transf\u00e9r\u00e9es en dehors de l\u2019Union Europ\u00e9enne ?<\/u><\/strong><\/p>\n<p>BUBO Initiative r\u00e9alise l\u2019ensemble des traitements de vos Donn\u00e9es \u00e0 Caract\u00e8re Personnel sur le territoire de l\u2019Union Europ\u00e9enne (UE).<\/p>\n\n\t\t<\/div>\n\t<\/div>\n\n\t<div class=\"wpb_text_column wpb_content_element  font_size16 line_height24 margin_bottom25 font_weight400\" >\n\t\t<div class=\"wpb_wrapper\">\n\t\t\t<p><strong><u>Pendant combien de temps vos Donn\u00e9es \u00e0 Caract\u00e8re Personnel sont conserv\u00e9es ?<\/u><\/strong><\/p>\n<p>La dur\u00e9e de conservation de vos Donn\u00e9es \u00e0 Caract\u00e8re Personnel d\u00e9pend du service souscrit. BUBO Initiative s\u2019engage \u00e0 ne pas conserver vos Donn\u00e9es \u00e0 Caract\u00e8re Personnel au-del\u00e0 de la dur\u00e9e n\u00e9cessaire \u00e0 la fourniture du service, et donc \u00e0 votre utilisation du service, augment\u00e9e de la dur\u00e9e de conservation impos\u00e9e par les r\u00e8gles applicables en mati\u00e8re de prescription l\u00e9gale.<\/p>\n\n\t\t<\/div>\n\t<\/div>\n\n\t<div class=\"wpb_text_column wpb_content_element  font_size16 line_height24 margin_bottom25 font_weight400\" >\n\t\t<div class=\"wpb_wrapper\">\n\t\t\t<p><strong><u>Vos Donn\u00e9es \u00e0 Caract\u00e8re Personnel sont-elles prot\u00e9g\u00e9es ?<\/u><\/strong><\/p>\n<p>BUBO Initiative s\u2019engage \u00e0 prendre toutes mesures afin d\u2019assurer la s\u00e9curit\u00e9 et la confidentialit\u00e9 des Donn\u00e9es \u00e0 Caract\u00e8re Personnel et notamment \u00e0 emp\u00eacher qu\u2019elles ne soient endommag\u00e9es, effac\u00e9es ou que des tiers non autoris\u00e9s y aient acc\u00e8s.<\/p>\n<p>Par ailleurs, en cas d\u2019incident de s\u00e9curit\u00e9 affectant vos Donn\u00e9es \u00e0 Caract\u00e8re Personnel (destruction, perte, alt\u00e9ration ou divulgation), BUBO Initiative s\u2019engage \u00e0 respecter l\u2019obligation de notification des violations de Donn\u00e9es \u00e0 Caract\u00e8re Personnel, notamment aupr\u00e8s de la CNIL.<\/p>\n\n\t\t<\/div>\n\t<\/div>\n\n\t<div class=\"wpb_text_column wpb_content_element  vc_custom_1635933663530 font_size16 line_height24 font_weight400\" >\n\t\t<div class=\"wpb_wrapper\">\n\t\t\t<p><strong><u>Quels sont vos droits sur vos Donn\u00e9es \u00e0 Caract\u00e8re Personnel ?<\/u><\/strong><\/p>\n<p>Vous disposez \u00e0 tout moment de la facult\u00e9 d\u2019exercer aupr\u00e8s de BUBO Initiative les droits pr\u00e9vus par la r\u00e9glementation en vigueur applicable en mati\u00e8re de donn\u00e9es \u00e0 caract\u00e8re personnel, sous r\u00e9serve d\u2019en remplir les conditions :<\/p>\n<ul>\n<li>Droit d\u2019acc\u00e8s : vous pouvez avoir communication de vos Donn\u00e9es \u00e0 Caract\u00e8re Personnel faisant l\u2019objet d\u2019un traitement par BUBO Initiative ;<\/li>\n<li>Droit de rectification : vous pouvez mettre \u00e0 jour vos Donn\u00e9es \u00e0 Caract\u00e8re Personnel ou faire rectifier vos Donn\u00e9es \u00e0 Caract\u00e8re Personnel faisant l\u2019objet d\u2019un traitement par BUBO Initiative ;<\/li>\n<li>Droit d\u2019opposition, notamment \u00e0 recevoir des communications commerciales : vous pouvez exprimer votre souhait de ne plus recevoir de communication commerciale de la part de BUBO Initiative ou demander que vos Donn\u00e9es \u00e0 Caract\u00e8re Personnel ne fassent plus l\u2019objet d\u2019un traitement ;<\/li>\n<li>Droit \u00e0 l\u2019effacement\u00a0: vous pouvez demander la suppression de vos Donn\u00e9es \u00e0 Caract\u00e8re Personnel ;<\/li>\n<li>Droit \u00e0 la limitation\u00a0: vous pouvez demander la suspension du traitement de vos Donn\u00e9es \u00e0 Caract\u00e8re Personnel ;<\/li>\n<li>Droit \u00e0 la portabilit\u00e9 : vous pouvez demander \u00e0 BUBO Initiative de r\u00e9cup\u00e9rer vos Donn\u00e9es \u00e0 Caract\u00e8re Personnel afin d\u2019en disposer.<\/li>\n<\/ul>\n<p>Toute demande doit \u00eatre accompagn\u00e9e d\u2019un justificatif d\u2019identit\u00e9. BUBO Initiative s\u2019engage \u00e0 r\u00e9pondre \u00e0 vos demandes d\u2019exercice de vos droits dans les meilleurs d\u00e9lais et en tout \u00e9tat de cause dans le respect des d\u00e9lais l\u00e9gaux.<\/p>\n\n\t\t<\/div>\n\t<\/div>\n<\/div><\/div><\/div><\/div><div class=\"vc_row-full-width vc_clearfix\"><\/div>\n","protected":false},"excerpt":{"rendered":"Mentions l\u00e9gales du site bubo-cybersec.com Editeur\u00a0: BUBO Initiative est une SAS immatriculation sous le num\u00e9ro de SIRET 902 132 679 00017 dont le si\u00e8ge social est situ\u00e9 au 9 Rue Reynaud, 13120 Gardanne, France. Adresse mail\u00a0: contact[at]bubo-cybersec.com H\u00e9bergeur\u00a0: Nom\u00a0: OVH Si\u00e8ge social : 2 rue Kellermann \u2013 59100 Roubaix \u2013 France Num\u00e9ro de t\u00e9l\u00e9phone\u00a0: +33<a href=\"https:\/\/bubo-cybersec.com\/en\/acceptable-use-policy\/\" rel=\"bookmark\">Read More &raquo;<span class=\"screen-reader-text\">Mentions l\u00e9gales<\/span><\/a>","protected":false},"author":1,"featured_media":0,"parent":0,"menu_order":0,"comment_status":"closed","ping_status":"closed","template":"","meta":{"_acf_changed":false,"_et_pb_use_builder":"off","_et_pb_old_content":"[vc_row full_width=\"stretch_row\" el_id=\"sub_banner\" el_class=\"padding_top50 about_banner\"][vc_column css=\".vc_custom_1552301274347{padding-top: 0px !important;}\"][\/vc_column][\/vc_row][vc_row full_width=\"stretch_row\" el_class=\"padding_top100 padding_bottom100 background_fff\" el_id=\"privacy_policyouter\"][vc_column css=\".vc_custom_1548659246420{padding-top: 0px !important;}\"][vc_custom_heading text=\"Mentions l\u00e9gales du site bubo-cybersec.com\" font_container=\"tag:h3|text_align:left\" use_theme_fonts=\"yes\" el_class=\"font_size24 line_height24 margin_bottom35 color_222 roboto_font font_weight500\" css=\".vc_custom_1602593450562{margin-top: 0px !important;padding-top: 0px !important;}\"][vc_column_text el_class=\"font_size16 line_height24 margin_bottom25 font_weight400\"]<strong><u>Editeur\u00a0:<\/u><\/strong>\r\n\r\nBUBO Initiative est une SAS immatriculation sous le num\u00e9ro de SIRET 902 132 679 00017 dont le si\u00e8ge social est situ\u00e9 au 9 Rue Reynaud, 13120 Gardanne, France.\r\n\r\nAdresse mail\u00a0: contact[at]bubo-cybersec.com[\/vc_column_text][vc_column_text el_class=\"font_size16 line_height24 margin_bottom25 font_weight400\"]<strong><u>H\u00e9bergeur\u00a0:<\/u><\/strong>\r\n\r\nNom\u00a0: OVH\r\n\r\nSi\u00e8ge social : 2 rue Kellermann \u2013 59100 Roubaix \u2013 France\r\n\r\nNum\u00e9ro de t\u00e9l\u00e9phone\u00a0: +33 9 72 10 10 07[\/vc_column_text][vc_column_text el_class=\"font_size16 line_height24 margin_bottom40 font_weight400\"]<strong><u>Propri\u00e9t\u00e9 intellectuelle\u00a0:<\/u><\/strong>\r\n\r\nBUBO Initiative est propri\u00e9taire des droits de propri\u00e9t\u00e9 intellectuelle et\/ou d\u00e9tient les droits sur l\u2019ensemble des \u00e9l\u00e9ments du site www.bubo-cybersec.com, notamment sur les textes, graphismes, logo, ic\u00f4nes, logiciels.\r\n\r\nToute reproduction, repr\u00e9sentation, modification, publication ou adaptation de tout ou partie de ces \u00e9l\u00e9ments, quel que soit le moyen ou le proc\u00e9d\u00e9 utilis\u00e9, est interdite, sauf autorisation \u00e9crite pr\u00e9alable de BUBO Initiative.[\/vc_column_text][vc_custom_heading text=\"Politique de confidentialit\u00e9\" font_container=\"tag:h3|text_align:left\" use_theme_fonts=\"yes\" el_class=\"font_size24 line_height24 margin_bottom35 color_222 roboto_font font_weight500\" css=\".vc_custom_1602593507832{margin-top: 0px !important;padding-top: 0px !important;}\"][vc_column_text el_class=\"font_size16 line_height24 margin_bottom25 font_weight400\"]<strong><u>Politique de confidentialit\u00e9 et de protection des Donn\u00e9es \u00e0 Caract\u00e8re Personnel <\/u><\/strong>\r\n\r\nCe document vous explique les principes et nos engagements pour la protection de vos Donn\u00e9es \u00e0 Caract\u00e8re Personnel et a pour objectif de vous informer sur :\r\n<ul>\r\n \t<li>Les Donn\u00e9es \u00e0 Caract\u00e8re Personnel que le groupe BUBO Initiative collectent et les raisons de cette collecte,<\/li>\r\n \t<li>La fa\u00e7on dont seront utilis\u00e9es ces Donn\u00e9es \u00e0 Caract\u00e8re Personnel,<\/li>\r\n \t<li>Vos droits en qualit\u00e9 de personne concern\u00e9e par nos traitements de donn\u00e9es.<\/li>\r\n<\/ul>\r\nCette Politique s\u2019applique aux diff\u00e9rents services quel que soient leur nature (site, applications, prestations \u2026).\r\n\r\nCette Politique s\u2019applique aussi aux diff\u00e9rentes activit\u00e9 professionnelles, commerciales et de communication de BUBO Initiative.[\/vc_column_text][vc_column_text el_class=\"font_size16 line_height24 margin_bottom25 font_weight400\"]<strong><u>Le Responsable du Traitement de vos donn\u00e9es<\/u><\/strong>\r\n\r\nLe responsable du traitement des donn\u00e9es est la soci\u00e9t\u00e9 BUBO Initiative.\r\n\r\nLes coordonn\u00e9es de contact sont les suivantes :\r\n<ul>\r\n \t<li>Adresse postale : 9 Rue Reynaud, 13120 Gardanne<\/li>\r\n \t<li>T\u00e9l\u00e9phone : 06.47.87.64.33<\/li>\r\n \t<li>Courrier \u00e9lectronique : contact[at]bubo-cybersec.com<\/li>\r\n<\/ul>\r\n[\/vc_column_text][vc_column_text el_class=\"font_size16 line_height24 margin_bottom25 font_weight400\"]<strong><u>Comment la protection des Donn\u00e9es \u00e0 Caract\u00e8re Personnel est mise en \u0153uvre\u00a0?<\/u><\/strong>\r\n\r\nBUBO Initiative s\u2019engage \u00e0 prendre en compte la protection de vos Donn\u00e9es \u00e0 Caract\u00e8re Personnel et de votre vie priv\u00e9e d\u00e8s la conception des services qui vous sont propos\u00e9s (Privacy by desing). Pour assurer la s\u00e9curit\u00e9 et garantir le respect et le bon exercice de vos droits, les mesures permettant d\u2019assurer la protection de vos Donn\u00e9es \u00e0 Caract\u00e8re Personnel sont mises en \u0153uvre (Privacy by default).[\/vc_column_text][vc_column_text el_class=\"font_size16 line_height24 margin_bottom40 font_weight400\"]<strong><u>Quelles Donn\u00e9es \u00e0 Caract\u00e8re Personnel sont utilis\u00e9es ?<\/u><\/strong>\r\n\r\nBUBO Initiative s\u2019engage \u00e0 ne collecter que des donn\u00e9es strictement n\u00e9cessaires \u00e0 la r\u00e9alisation des services propos\u00e9.\r\n\r\nLes donn\u00e9es collect\u00e9es sur les sites internet du groupe le sont \u00e0 partir des formulaires de \u00ab\u00a0Contact\u00a0\u00bb et de l\u2019adresse e-mail de contact. Ces donn\u00e9es sont votre nom, votre e-mail ainsi que le type et le d\u00e9tail de votre demande.\r\n\r\nDans le cas o\u00f9 des donn\u00e9es facultatives vous seraient demand\u00e9es, BUBO Initiative vous informera clairement sur les Donn\u00e9es \u00e0 Caract\u00e8re Personnel n\u00e9cessaires \u00e0 la r\u00e9alisation du traitement.\r\n\r\nLes Donn\u00e9es \u00e0 Caract\u00e8re Personnel ne sont utilis\u00e9es que pour les usages qui ont \u00e9t\u00e9 port\u00e9s \u00e0 votre connaissance.\r\n\r\nLes Donn\u00e9es \u00e0 Caract\u00e8re Personnel sont utilis\u00e9es pour vous informer sur les activit\u00e9s et les offres de BUBO Initiative lors de campagne fond\u00e9e sur un int\u00e9r\u00eat l\u00e9gitime de BUBO Initiative pour un traitement qui sera alors ponctuel.[\/vc_column_text][vc_column_text]<strong><u>Quel est le fondement de nos traitements\u00a0?<\/u><\/strong>\r\n\r\nBUBO Initiative s\u2019appuie sur les bases suivantes afin de pouvoir traiter les Donn\u00e9es \u00e0 Caract\u00e8re Personnel :\r\n\r\n<strong>Ex\u00e9cution du contrat<\/strong>\r\n\r\nLa base l\u00e9gale du traitement des Donn\u00e9es \u00e0 Caract\u00e8re Personnel de l\u2019utilisateur qui sont collect\u00e9es est l\u2019ex\u00e9cution du contrat de vente. \u00c0 cet \u00e9gard, l\u2019utilisateur est oblig\u00e9 de fournir les donn\u00e9es n\u00e9cessaires \u00e0 son ex\u00e9cution. S\u2019il ne fournit pas ces donn\u00e9es, \u00e9ventuellement au prestataire de paiement en ligne il ne sera pas possible de r\u00e9aliser la vente.\r\n\r\n<strong>Obligations l\u00e9gales<\/strong>\r\n\r\nLa gestion et l\u2019\u00e9mission de la facture se base sur l\u2019obligation l\u00e9gale de BUBO Initiative dans le cadre de sa relation avec les clients.\r\n\r\n<strong>Consentement<\/strong>\r\n\r\nPour ce qui est des fins suivantes, la base l\u00e9gale du traitement des Donn\u00e9es \u00e0 Caract\u00e8re Personnel de l\u2019utilisateur sera le consentement de ce dernier, dans le cas o\u00f9 il l\u2019aurait donn\u00e9 :\r\n<ul>\r\n \t<li>Gestion du formulaire de contact et des contact par email<\/li>\r\n \t<li>Prise de contact dans le cadre de d\u00e9marche commerciales<\/li>\r\n \t<li>Gestion de l\u2019envoi d\u2019informations et des informations personnalis\u00e9es adapt\u00e9es au profil de l\u2019utilisateur.<\/li>\r\n \t<li>R\u00e9ponse \u00e0 l\u2019exercice des droits d\u2019acc\u00e8s, de modification, d\u2019annulation et d\u2019opposition, ainsi qu\u2019aux questions et r\u00e9clamations de l\u2019utilisateur.<\/li>\r\n<\/ul>\r\nM\u00eame lorsqu\u2019il est le fondement d\u2019un traitement, le retrait du consentement de la part de l\u2019utilisateur ne conditionnera pas l\u2019ex\u00e9cution du contrat conclu par la personne concern\u00e9e avec BUBO Initiative et la conservation l\u00e9gitime de ces donn\u00e9es \u00e0 caract\u00e8re personnel sur la base d\u2019autres fondements.\r\n\r\n<strong>Int\u00e9r\u00eat l\u00e9gitime<\/strong>\r\n\r\nPour ce qui est des fins suivantes, si elles sont mises en \u0153uvre, la base l\u00e9gale du traitement des Donn\u00e9es \u00e0 Caract\u00e8re Personnel de l\u2019utilisateur sera l\u2019int\u00e9r\u00eat l\u00e9gitime de BUBO Initiative :\r\n<ul>\r\n \t<li>L\u2019\u00e9laboration de profils pour l\u2019envoi d\u2019information sur les promotions exclusives, les derni\u00e8res nouveaut\u00e9s et des informations personnalis\u00e9es adapt\u00e9es au profil de l\u2019utilisateur.<\/li>\r\n \t<li>L\u2019envoi d\u2019enqu\u00eates de satisfaction sur les produits achet\u00e9s ou les services utilis\u00e9s par les clients de BUBO Initiative afin de leur demander leur avis et de les am\u00e9liorer.<\/li>\r\n<\/ul>\r\nNotre int\u00e9r\u00eat l\u00e9gitime consiste \u00e0 pouvoir aider BUBO Initiative \u00e0 comprendre les besoins, les attentes et le niveau de satisfaction des utilisateurs, pour am\u00e9liorer ainsi les services et les produits.[\/vc_column_text][vc_column_text]<strong><u>A qui peuvent \u00eatre communiqu\u00e9es vos Donn\u00e9es \u00e0 Caract\u00e8re Personnel ?<\/u><\/strong>\r\n\r\nVos donn\u00e9es sont susceptibles d\u2019\u00eatre transmises \u00e0 des services internes de BUBO Initiative : les directions qui ont la charge de l\u2019ex\u00e9cution des services souscrits, notamment Service Clients, Administration des Ventes, etc.[\/vc_column_text][vc_column_text]<strong><u>Vos Donn\u00e9es \u00e0 Caract\u00e8re Personnel peuvent-elles \u00eatre transf\u00e9r\u00e9es en dehors de l\u2019Union Europ\u00e9enne ?<\/u><\/strong>\r\n\r\nBUBO Initiative r\u00e9alise l\u2019ensemble des traitements de vos Donn\u00e9es \u00e0 Caract\u00e8re Personnel sur le territoire de l\u2019Union Europ\u00e9enne (UE).[\/vc_column_text][vc_column_text el_class=\"font_size16 line_height24 margin_bottom25 font_weight400\"]<strong><u>Pendant combien de temps vos Donn\u00e9es \u00e0 Caract\u00e8re Personnel sont conserv\u00e9es ?<\/u><\/strong>\r\n\r\nLa dur\u00e9e de conservation de vos Donn\u00e9es \u00e0 Caract\u00e8re Personnel d\u00e9pend du service souscrit. BUBO Initiative s\u2019engage \u00e0 ne pas conserver vos Donn\u00e9es \u00e0 Caract\u00e8re Personnel au-del\u00e0 de la dur\u00e9e n\u00e9cessaire \u00e0 la fourniture du service, et donc \u00e0 votre utilisation du service, augment\u00e9e de la dur\u00e9e de conservation impos\u00e9e par les r\u00e8gles applicables en mati\u00e8re de prescription l\u00e9gale.[\/vc_column_text][vc_column_text el_class=\"font_size16 line_height24 margin_bottom25 font_weight400\"]<strong><u>Vos Donn\u00e9es \u00e0 Caract\u00e8re Personnel sont-elles prot\u00e9g\u00e9es ?<\/u><\/strong>\r\n\r\nBUBO Initiative s\u2019engage \u00e0 prendre toutes mesures afin d\u2019assurer la s\u00e9curit\u00e9 et la confidentialit\u00e9 des Donn\u00e9es \u00e0 Caract\u00e8re Personnel et notamment \u00e0 emp\u00eacher qu\u2019elles ne soient endommag\u00e9es, effac\u00e9es ou que des tiers non autoris\u00e9s y aient acc\u00e8s.\r\n\r\nPar ailleurs, en cas d\u2019incident de s\u00e9curit\u00e9 affectant vos Donn\u00e9es \u00e0 Caract\u00e8re Personnel (destruction, perte, alt\u00e9ration ou divulgation), BUBO Initiative s\u2019engage \u00e0 respecter l\u2019obligation de notification des violations de Donn\u00e9es \u00e0 Caract\u00e8re Personnel, notamment aupr\u00e8s de la CNIL.[\/vc_column_text][vc_column_text el_class=\"font_size16 line_height24 font_weight400\" css=\".vc_custom_1635933663530{margin-bottom: 0px !important;}\"]<strong><u>Quels sont vos droits sur vos Donn\u00e9es \u00e0 Caract\u00e8re Personnel ?<\/u><\/strong>\r\n\r\nVous disposez \u00e0 tout moment de la facult\u00e9 d\u2019exercer aupr\u00e8s de BUBO Initiative les droits pr\u00e9vus par la r\u00e9glementation en vigueur applicable en mati\u00e8re de donn\u00e9es \u00e0 caract\u00e8re personnel, sous r\u00e9serve d\u2019en remplir les conditions :\r\n<ul>\r\n \t<li>Droit d\u2019acc\u00e8s : vous pouvez avoir communication de vos Donn\u00e9es \u00e0 Caract\u00e8re Personnel faisant l\u2019objet d\u2019un traitement par BUBO Initiative ;<\/li>\r\n \t<li>Droit de rectification : vous pouvez mettre \u00e0 jour vos Donn\u00e9es \u00e0 Caract\u00e8re Personnel ou faire rectifier vos Donn\u00e9es \u00e0 Caract\u00e8re Personnel faisant l\u2019objet d\u2019un traitement par BUBO Initiative ;<\/li>\r\n \t<li>Droit d\u2019opposition, notamment \u00e0 recevoir des communications commerciales : vous pouvez exprimer votre souhait de ne plus recevoir de communication commerciale de la part de BUBO Initiative ou demander que vos Donn\u00e9es \u00e0 Caract\u00e8re Personnel ne fassent plus l\u2019objet d\u2019un traitement ;<\/li>\r\n \t<li>Droit \u00e0 l\u2019effacement\u00a0: vous pouvez demander la suppression de vos Donn\u00e9es \u00e0 Caract\u00e8re Personnel ;<\/li>\r\n \t<li>Droit \u00e0 la limitation\u00a0: vous pouvez demander la suspension du traitement de vos Donn\u00e9es \u00e0 Caract\u00e8re Personnel ;<\/li>\r\n \t<li>Droit \u00e0 la portabilit\u00e9 : vous pouvez demander \u00e0 BUBO Initiative de r\u00e9cup\u00e9rer vos Donn\u00e9es \u00e0 Caract\u00e8re Personnel afin d\u2019en disposer.<\/li>\r\n<\/ul>\r\nToute demande doit \u00eatre accompagn\u00e9e d\u2019un justificatif d\u2019identit\u00e9. BUBO Initiative s\u2019engage \u00e0 r\u00e9pondre \u00e0 vos demandes d\u2019exercice de vos droits dans les meilleurs d\u00e9lais et en tout \u00e9tat de cause dans le respect des d\u00e9lais l\u00e9gaux.[\/vc_column_text][\/vc_column][\/vc_row]","_et_gb_content_width":"","neve_meta_sidebar":"","neve_meta_container":"","neve_meta_enable_content_width":"off","neve_meta_content_width":70,"neve_meta_title_alignment":"","neve_meta_author_avatar":"","neve_post_elements_order":"","neve_meta_disable_header":"","neve_meta_disable_footer":"","neve_meta_disable_title":"","_themeisle_gutenberg_block_has_review":false,"footnotes":""},"class_list":["post-508","page","type-page","status-publish","hentry"],"acf":[],"yoast_head":"<!-- This site is optimized with the Yoast SEO plugin v27.5 - https:\/\/yoast.com\/product\/yoast-seo-wordpress\/ -->\n<title>Mentions l\u00e9gales - Bubo Cybersec, la cybers\u00e9curit\u00e9 pour tous<\/title>\n<meta name=\"robots\" content=\"index, follow, max-snippet:-1, max-image-preview:large, max-video-preview:-1\" \/>\n<link rel=\"canonical\" href=\"https:\/\/bubo-cybersec.com\/en\/acceptable-use-policy\/\" \/>\n<meta property=\"og:locale\" content=\"en_US\" \/>\n<meta property=\"og:type\" content=\"article\" \/>\n<meta property=\"og:title\" content=\"Mentions l\u00e9gales - Bubo Cybersec, la cybers\u00e9curit\u00e9 pour tous\" \/>\n<meta property=\"og:url\" content=\"https:\/\/bubo-cybersec.com\/en\/acceptable-use-policy\/\" \/>\n<meta property=\"og:site_name\" content=\"Bubo Cybersec, la cybers\u00e9curit\u00e9 pour tous\" \/>\n<meta property=\"article:modified_time\" content=\"2025-07-24T12:32:02+00:00\" \/>\n<meta name=\"twitter:card\" content=\"summary_large_image\" \/>\n<meta name=\"twitter:label1\" content=\"Est. reading time\" \/>\n\t<meta name=\"twitter:data1\" content=\"9 minutes\" \/>\n<script type=\"application\/ld+json\" class=\"yoast-schema-graph\">{\"@context\":\"https:\\\/\\\/schema.org\",\"@graph\":[{\"@type\":\"WebPage\",\"@id\":\"https:\\\/\\\/bubo-cybersec.com\\\/acceptable-use-policy\\\/\",\"url\":\"https:\\\/\\\/bubo-cybersec.com\\\/acceptable-use-policy\\\/\",\"name\":\"Mentions l\u00e9gales - Bubo Cybersec, la cybers\u00e9curit\u00e9 pour tous\",\"isPartOf\":{\"@id\":\"https:\\\/\\\/bubo-cybersec.com\\\/#website\"},\"datePublished\":\"2019-03-19T07:15:50+00:00\",\"dateModified\":\"2025-07-24T12:32:02+00:00\",\"breadcrumb\":{\"@id\":\"https:\\\/\\\/bubo-cybersec.com\\\/acceptable-use-policy\\\/#breadcrumb\"},\"inLanguage\":\"en-US\",\"potentialAction\":[{\"@type\":\"ReadAction\",\"target\":[\"https:\\\/\\\/bubo-cybersec.com\\\/acceptable-use-policy\\\/\"]}]},{\"@type\":\"BreadcrumbList\",\"@id\":\"https:\\\/\\\/bubo-cybersec.com\\\/acceptable-use-policy\\\/#breadcrumb\",\"itemListElement\":[{\"@type\":\"ListItem\",\"position\":1,\"name\":\"Accueil\",\"item\":\"https:\\\/\\\/bubo-cybersec.com\\\/\"},{\"@type\":\"ListItem\",\"position\":2,\"name\":\"Mentions l\u00e9gales\"}]},{\"@type\":\"WebSite\",\"@id\":\"https:\\\/\\\/bubo-cybersec.com\\\/#website\",\"url\":\"https:\\\/\\\/bubo-cybersec.com\\\/\",\"name\":\"Bubo Cybersec, la cybers\u00e9curit\u00e9 pour tous\",\"description\":\"Des outils cl\u00e9s en main de cybers\u00e9curit\u00e9 pour les PME, ETI, collectivit\u00e9s, etc.\",\"publisher\":{\"@id\":\"https:\\\/\\\/bubo-cybersec.com\\\/#organization\"},\"potentialAction\":[{\"@type\":\"SearchAction\",\"target\":{\"@type\":\"EntryPoint\",\"urlTemplate\":\"https:\\\/\\\/bubo-cybersec.com\\\/?s={search_term_string}\"},\"query-input\":{\"@type\":\"PropertyValueSpecification\",\"valueRequired\":true,\"valueName\":\"search_term_string\"}}],\"inLanguage\":\"en-US\"},{\"@type\":\"Organization\",\"@id\":\"https:\\\/\\\/bubo-cybersec.com\\\/#organization\",\"name\":\"Bubo Cybersec, la cybers\u00e9curit\u00e9 pour tous\",\"url\":\"https:\\\/\\\/bubo-cybersec.com\\\/\",\"logo\":{\"@type\":\"ImageObject\",\"inLanguage\":\"en-US\",\"@id\":\"https:\\\/\\\/bubo-cybersec.com\\\/#\\\/schema\\\/logo\\\/image\\\/\",\"url\":\"https:\\\/\\\/bubo-cybersec.com\\\/wp-content\\\/uploads\\\/2020\\\/09\\\/cropped-Bubo-Cybersec-Sans-fond.png\",\"contentUrl\":\"https:\\\/\\\/bubo-cybersec.com\\\/wp-content\\\/uploads\\\/2020\\\/09\\\/cropped-Bubo-Cybersec-Sans-fond.png\",\"width\":1256,\"height\":443,\"caption\":\"Bubo Cybersec, la cybers\u00e9curit\u00e9 pour tous\"},\"image\":{\"@id\":\"https:\\\/\\\/bubo-cybersec.com\\\/#\\\/schema\\\/logo\\\/image\\\/\"},\"sameAs\":[\"https:\\\/\\\/www.linkedin.com\\\/company\\\/bubo-cybersec\\\/\"]}]}<\/script>\n<!-- \/ Yoast SEO plugin. -->","yoast_head_json":{"title":"Mentions l\u00e9gales - Bubo Cybersec, la cybers\u00e9curit\u00e9 pour tous","robots":{"index":"index","follow":"follow","max-snippet":"max-snippet:-1","max-image-preview":"max-image-preview:large","max-video-preview":"max-video-preview:-1"},"canonical":"https:\/\/bubo-cybersec.com\/en\/acceptable-use-policy\/","og_locale":"en_US","og_type":"article","og_title":"Mentions l\u00e9gales - Bubo Cybersec, la cybers\u00e9curit\u00e9 pour tous","og_url":"https:\/\/bubo-cybersec.com\/en\/acceptable-use-policy\/","og_site_name":"Bubo Cybersec, la cybers\u00e9curit\u00e9 pour tous","article_modified_time":"2025-07-24T12:32:02+00:00","twitter_card":"summary_large_image","twitter_misc":{"Est. reading time":"9 minutes"},"schema":{"@context":"https:\/\/schema.org","@graph":[{"@type":"WebPage","@id":"https:\/\/bubo-cybersec.com\/acceptable-use-policy\/","url":"https:\/\/bubo-cybersec.com\/acceptable-use-policy\/","name":"Mentions l\u00e9gales - Bubo Cybersec, la cybers\u00e9curit\u00e9 pour tous","isPartOf":{"@id":"https:\/\/bubo-cybersec.com\/#website"},"datePublished":"2019-03-19T07:15:50+00:00","dateModified":"2025-07-24T12:32:02+00:00","breadcrumb":{"@id":"https:\/\/bubo-cybersec.com\/acceptable-use-policy\/#breadcrumb"},"inLanguage":"en-US","potentialAction":[{"@type":"ReadAction","target":["https:\/\/bubo-cybersec.com\/acceptable-use-policy\/"]}]},{"@type":"BreadcrumbList","@id":"https:\/\/bubo-cybersec.com\/acceptable-use-policy\/#breadcrumb","itemListElement":[{"@type":"ListItem","position":1,"name":"Accueil","item":"https:\/\/bubo-cybersec.com\/"},{"@type":"ListItem","position":2,"name":"Mentions l\u00e9gales"}]},{"@type":"WebSite","@id":"https:\/\/bubo-cybersec.com\/#website","url":"https:\/\/bubo-cybersec.com\/","name":"Bubo Cybersec, la cybers\u00e9curit\u00e9 pour tous","description":"Des outils cl\u00e9s en main de cybers\u00e9curit\u00e9 pour les PME, ETI, collectivit\u00e9s, etc.","publisher":{"@id":"https:\/\/bubo-cybersec.com\/#organization"},"potentialAction":[{"@type":"SearchAction","target":{"@type":"EntryPoint","urlTemplate":"https:\/\/bubo-cybersec.com\/?s={search_term_string}"},"query-input":{"@type":"PropertyValueSpecification","valueRequired":true,"valueName":"search_term_string"}}],"inLanguage":"en-US"},{"@type":"Organization","@id":"https:\/\/bubo-cybersec.com\/#organization","name":"Bubo Cybersec, la cybers\u00e9curit\u00e9 pour tous","url":"https:\/\/bubo-cybersec.com\/","logo":{"@type":"ImageObject","inLanguage":"en-US","@id":"https:\/\/bubo-cybersec.com\/#\/schema\/logo\/image\/","url":"https:\/\/bubo-cybersec.com\/wp-content\/uploads\/2020\/09\/cropped-Bubo-Cybersec-Sans-fond.png","contentUrl":"https:\/\/bubo-cybersec.com\/wp-content\/uploads\/2020\/09\/cropped-Bubo-Cybersec-Sans-fond.png","width":1256,"height":443,"caption":"Bubo Cybersec, la cybers\u00e9curit\u00e9 pour tous"},"image":{"@id":"https:\/\/bubo-cybersec.com\/#\/schema\/logo\/image\/"},"sameAs":["https:\/\/www.linkedin.com\/company\/bubo-cybersec\/"]}]}},"_links":{"self":[{"href":"https:\/\/bubo-cybersec.com\/en\/wp-json\/wp\/v2\/pages\/508","targetHints":{"allow":["GET"]}}],"collection":[{"href":"https:\/\/bubo-cybersec.com\/en\/wp-json\/wp\/v2\/pages"}],"about":[{"href":"https:\/\/bubo-cybersec.com\/en\/wp-json\/wp\/v2\/types\/page"}],"author":[{"embeddable":true,"href":"https:\/\/bubo-cybersec.com\/en\/wp-json\/wp\/v2\/users\/1"}],"replies":[{"embeddable":true,"href":"https:\/\/bubo-cybersec.com\/en\/wp-json\/wp\/v2\/comments?post=508"}],"version-history":[{"count":11,"href":"https:\/\/bubo-cybersec.com\/en\/wp-json\/wp\/v2\/pages\/508\/revisions"}],"predecessor-version":[{"id":6531,"href":"https:\/\/bubo-cybersec.com\/en\/wp-json\/wp\/v2\/pages\/508\/revisions\/6531"}],"wp:attachment":[{"href":"https:\/\/bubo-cybersec.com\/en\/wp-json\/wp\/v2\/media?parent=508"}],"curies":[{"name":"wp","href":"https:\/\/api.w.org\/{rel}","templated":true}]}}